{"id":2276,"date":"2017-11-23T09:41:11","date_gmt":"2017-11-23T13:41:11","guid":{"rendered":"https:\/\/www.limperatricehotel.fr\/?page_id=2276"},"modified":"2024-10-30T11:23:54","modified_gmt":"2024-10-30T15:23:54","slug":"lhotel","status":"publish","type":"page","link":"https:\/\/www.limperatricehotel.fr\/en\/lhotel\/","title":{"rendered":"L&#8217;h\u00f4tel"},"content":{"rendered":"<div class=\"wpb-content-wrapper\"><p>[vc_row full_width=&#8221;stretch_row&#8221; el_class=&#8221;section-header&#8221; css=&#8221;.vc_custom_1513284426918{margin-top: -46px !important;margin-bottom: 50px !important;padding-top: 50px !important;padding-bottom: 50px !important;background-color: #fbfcfd !important;}&#8221;][vc_column offset=&#8221;vc_col-lg-offset-2 vc_col-lg-8 vc_col-md-offset-1 vc_col-md-10&#8243;][vc_column_text]<\/p>\n<h1 class=\"h2\" style=\"text-align: center;\">Une l\u00e9gende foyalaise<\/h1>\n<p style=\"text-align: center;\">En s\u00e9journant \u00e0 l\u2019Imp\u00e9ratrice, vous r\u00e9sidez dans un lieu unique, charg\u00e9 d\u2019histoire, v\u00e9ritable composant de la vie culturelle Martiniquaise et du patrimoine Foyalais.<\/p>\n<p>[\/vc_column_text][\/vc_column][\/vc_row][vc_row el_class=&#8221;section-header left&#8221;][vc_column width=&#8221;1\/3&#8243;][vc_single_image image=&#8221;2221&#8243; img_size=&#8221;full&#8221;][\/vc_column][vc_column width=&#8221;2\/3&#8243;][vc_column_text]<\/p>\n<h2>Histoire<\/h2>\n<p>En compagnie de son \u00e9pouse Fernande, Charles Glaudon est en croisi\u00e8re, quand, conscient du manque d\u2019h\u00f4tels en Martinique, commence \u00e0 germer en lui l\u2019id\u00e9e d\u2019une construction r\u00e9volutionnaire pour l\u2019\u00e9poque.<br \/>\nNous sommes dans les ann\u00e9es 50, et pour s\u00e9journer en Martinique, les voyageurs ne disposent que de tr\u00e8s peu de lieux d\u2019h\u00e9bergement.<\/p>\n<p>Au retour de la croisi\u00e8re, la d\u00e9cision est prise, ce sera un h\u00f4tel, jouxtant sa pharmacie d\u00e9j\u00e0 existante. Il reprend le bateau, le soir m\u00eame pour la France, afin de s\u2019enqu\u00e9rir des \u00e9tapes et des contingences li\u00e9es \u00e0 une construction.<br \/>\nSa passion du b\u00e9ton le conduit \u00e0 \u00e9baucher avec son fr\u00e8re Pierre un avant-projet.<\/p>\n<p>Les plans de l\u2019Imp\u00e9ratrice seront sign\u00e9s par Marcel Cidalise-Montaise, jeune architecte qui a finalis\u00e9 les calculs et les travaux r\u00e9alis\u00e9s par M. Lagrancourt, entrepreneur en b\u00e2timent, oncle de M. Glaudon.<br \/>\nL&#8217;h\u00f4tel est alors r\u00e9alis\u00e9 en 1955 et inaugur\u00e9 en f\u00e9vrier 1956.<\/p>\n<p>Le nom de l&#8217;Imp\u00e9ratrice est choisi pour s\u00e9duire la client\u00e8le m\u00e9tropolitaine et am\u00e9ricaine qui associe la Martinique au nom de l&#8217;imp\u00e9ratrice Jos\u00e9phine.<br \/>\nDepuis 1956, L\u2019Imp\u00e9ratrice est rest\u00e9 un h\u00f4tel de famille, g\u00e9r\u00e9 de m\u00e8re en fille par la famille Glaudon.[\/vc_column_text][\/vc_column][\/vc_row][vc_row el_class=&#8221;section-header left&#8221;][vc_column][vc_empty_space height=&#8221;100px&#8221;][vc_column_text]<\/p>\n<h2>Un monument remarquable du XX\u00e8me si\u00e8cle<\/h2>\n<p>[\/vc_column_text][\/vc_column][\/vc_row][vc_row][vc_column width=&#8221;1\/2&#8243;][vc_column_text]L\u2019Imp\u00e9ratrice est implant\u00e9 face au parc de \u00ab La Savane \u00bb de Fort-de-France, place principale de la ville.<br \/>\nLe b\u00e2timent est une des variantes du modernisme, style \u00ab paquebot \u00bb. C\u2019est un modernisme \u00ab baln\u00e9aire \u00bb, tel qu\u2019on en trouve notamment en Floride et au Br\u00e9sil.<\/p>\n<p>Il comporte cinq \u00e9tages, avec des d\u00e9grad\u00e9s de plans progressifs qui donnent une dynamique tr\u00e8s s\u00e9duisante. Les plans horizontaux sont soulign\u00e9s par des balcons qui filent sur trois c\u00f4t\u00e9s et structurent la fa\u00e7ade avec vigueur et \u00e9l\u00e9gance. Les balcons sont pourvus de rambardes tubulaires copies de bastingages. Le quatri\u00e8me \u00e9tage comportait deux grandes terrasses ouvertes lat\u00e9rales \u2013 qui ont \u00e9t\u00e9 ult\u00e9rieurement couvertes \u2013 avec un bassin, reli\u00e9es entre elles par un promenoir.[\/vc_column_text][\/vc_column][vc_column width=&#8221;1\/2&#8243;][vc_single_image image=&#8221;2723&#8243; img_size=&#8221;full&#8221;][\/vc_column][\/vc_row][vc_row][vc_column width=&#8221;1\/2&#8243;][vc_single_image image=&#8221;2725&#8243; img_size=&#8221;full&#8221;][\/vc_column][vc_column width=&#8221;1\/2&#8243;][vc_column_text]Le d\u00e9cor des sols est r\u00e9alis\u00e9 par des mosa\u00efques color\u00e9es ex\u00e9cut\u00e9es avec soin.<br \/>\nChaque \u00e9tage poss\u00e8de sa propre couleur identifiable par le carrelage du couloir reproduit dans les chambres et les balcons.<\/p>\n<p>L&#8217;Imp\u00e9ratrice offrait d\u00e9j\u00e0 \u00e0 l\u2019origine tout le confort moderne : un syst\u00e8me de ventilation naturel tr\u00e8s \u00e9labor\u00e9 permettait de faire circuler l&#8217;air dans tout l&#8217;\u00e9difice, le premier ascenseur de l\u2019\u00eele y a \u00e9t\u00e9 install\u00e9 et toutes les chambres, m\u00eame les plus petites b\u00e9n\u00e9ficiaient de leur salle de bain.<\/p>\n<p>En 2017, L\u2019Imp\u00e9ratrice a \u00e9t\u00e9 reconnu par le minist\u00e8re de la culture et labellis\u00e9<\/p>\n<p>\u00ab Patrimoine du XX\u00e8me \u00bb.<\/p>\n<p>[\/vc_column_text][\/vc_column][\/vc_row][vc_row][vc_column][vc_empty_space height=&#8221;100px&#8221;][\/vc_column][\/vc_row][vc_row el_class=&#8221;section-header left&#8221;][vc_column width=&#8221;1\/2&#8243;][vc_column_text]<\/p>\n<h2>Vie culturelle<\/h2>\n<p>L\u2019Imp\u00e9ratrice en plus de l&#8217;activit\u00e9 d&#8217;h\u00f4tellerie est devenu au fil des d\u00e9cennies un lieu incontournable de la vie culturelle Foyalaise.<br \/>\nArtistes, hommes politiques, \u00e9crivains\u2026 nombreux sont ceux qui s\u2019y sont succ\u00e9d\u00e9s avec plus ou moins d\u2019assiduit\u00e9.<br \/>\nParmi eux on peut citer notamment :<br \/>\n&#8211; l\u2019artiste \u00ab Khokho \u00bb &#8211; Joseph Ren\u00e9-Corail, peintre et plasticien de talent<br \/>\n&#8211; Le chanteur Henri Salavador<br \/>\n&#8211; L\u2019\u00e9crivain Martiniquais Vincent Placoly<br \/>\n&#8211; Les musiciens Paulo Rosine et Francisco<br \/>\n&#8211; Les groupes Ha\u00eftiens Tabou Combo et les Loups Noirs<br \/>\n&#8211; Le pianiste Marius Cultier<br \/>\n&#8211; &#8230;<\/p>\n<p>Dans cette tradition d\u2019accueil des artistes, de nombreuses manifestations culturelles y sont r\u00e9guli\u00e8rement organis\u00e9es. Expositions d\u2019art, conf\u00e9rences, concerts, banquets historiques\u2026 Il s\u2019y passe toujours quelque chose.<\/p>\n<p>D\u00e8s son ouverture en 1956 et jusqu\u2019\u00e0 aujourd\u2019hui, l\u2019Imp\u00e9ratrice fut aussi le si\u00e8ge de clubs services r\u00e9put\u00e9s tels les Rotary Clubs de Fort-de-France doyen et Sud, le Club Soroptimist doyen, le Lions Club, la Table Ronde, le Club 41 etc\u2026<\/p>\n<p>Par la richesse de son histoire, L\u2019Imp\u00e9ratrice est aujourd\u2019hui consid\u00e9r\u00e9 par beaucoup comme un \u00e9l\u00e9ment \u00e0 part enti\u00e8re du patrimoine de Fort-de-France et de Martinique.<\/p>\n<p>[\/vc_column_text][\/vc_column][vc_column width=&#8221;1\/2&#8243;][vc_single_image image=&#8221;3120&#8243; img_size=&#8221;full&#8221; alignment=&#8221;center&#8221;][\/vc_column][\/vc_row]<\/p>\n<\/div>","protected":false},"excerpt":{"rendered":"<p>[vc_row full_width=&#8221;stretch_row&#8221; el_class=&#8221;section-header&#8221; css=&#8221;.vc_custom_1513284426918{margin-top: -46px !important;margin-bottom: 50px !important;padding-top: 50px !important;padding-bottom: 50px !important;background-color: #fbfcfd !important;}&#8221;][vc_column offset=&#8221;vc_col-lg-offset-2 vc_col-lg-8 vc_col-md-offset-1 vc_col-md-10&#8243;][vc_column_text] Une l\u00e9gende foyalaise En s\u00e9journant \u00e0 l\u2019Imp\u00e9ratrice, vous r\u00e9sidez dans un lieu unique, charg\u00e9 d\u2019histoire, v\u00e9ritable composant de la vie culturelle Martiniquaise<\/p>\n","protected":false},"author":1,"featured_media":0,"parent":0,"menu_order":2,"comment_status":"closed","ping_status":"closed","template":"","meta":{"_acf_changed":false,"footnotes":""},"class_list":["post-2276","page","type-page","status-publish","hentry"],"acf":[],"yoast_head":"<!-- This site is optimized with the Yoast SEO plugin v23.7 - https:\/\/yoast.com\/wordpress\/plugins\/seo\/ -->\n<title>L&#039;h\u00f4tel &#8226; H\u00f4tel l&#039;Imp\u00e9ratrice<\/title>\n<meta name=\"robots\" content=\"index, follow, max-snippet:-1, max-image-preview:large, max-video-preview:-1\" \/>\n<link rel=\"canonical\" href=\"https:\/\/www.limperatricehotel.fr\/en\/lhotel\/\" \/>\n<meta property=\"og:locale\" content=\"en_US\" \/>\n<meta property=\"og:type\" content=\"article\" \/>\n<meta property=\"og:title\" content=\"L&#039;h\u00f4tel &#8226; H\u00f4tel l&#039;Imp\u00e9ratrice\" \/>\n<meta property=\"og:description\" content=\"[vc_row full_width=&#8221;stretch_row&#8221; el_class=&#8221;section-header&#8221; css=&#8221;.vc_custom_1513284426918{margin-top: -46px !important;margin-bottom: 50px !important;padding-top: 50px !important;padding-bottom: 50px !important;background-color: #fbfcfd !important;}&#8221;][vc_column offset=&#8221;vc_col-lg-offset-2 vc_col-lg-8 vc_col-md-offset-1 vc_col-md-10&#8243;][vc_column_text] Une l\u00e9gende foyalaise En s\u00e9journant \u00e0 l\u2019Imp\u00e9ratrice, vous r\u00e9sidez dans un lieu unique, charg\u00e9 d\u2019histoire, v\u00e9ritable composant de la vie culturelle Martiniquaise\" \/>\n<meta property=\"og:url\" content=\"https:\/\/www.limperatricehotel.fr\/en\/lhotel\/\" \/>\n<meta property=\"og:site_name\" content=\"H\u00f4tel l&#039;Imp\u00e9ratrice\" \/>\n<meta property=\"article:publisher\" content=\"https:\/\/www.facebook.com\/hotelimperatrice\/\" \/>\n<meta property=\"article:modified_time\" content=\"2024-10-30T15:23:54+00:00\" \/>\n<meta name=\"twitter:card\" content=\"summary_large_image\" \/>\n<meta name=\"twitter:label1\" content=\"Est. reading time\" \/>\n\t<meta name=\"twitter:data1\" content=\"5 minutes\" \/>\n<script type=\"application\/ld+json\" class=\"yoast-schema-graph\">{\"@context\":\"https:\/\/schema.org\",\"@graph\":[{\"@type\":\"WebPage\",\"@id\":\"https:\/\/www.limperatricehotel.fr\/en\/lhotel\/\",\"url\":\"https:\/\/www.limperatricehotel.fr\/en\/lhotel\/\",\"name\":\"L'h\u00f4tel &#8226; H\u00f4tel l&#039;Imp\u00e9ratrice\",\"isPartOf\":{\"@id\":\"https:\/\/www.limperatricehotel.fr\/en\/#website\"},\"datePublished\":\"2017-11-23T13:41:11+00:00\",\"dateModified\":\"2024-10-30T15:23:54+00:00\",\"breadcrumb\":{\"@id\":\"https:\/\/www.limperatricehotel.fr\/en\/lhotel\/#breadcrumb\"},\"inLanguage\":\"en-US\",\"potentialAction\":[{\"@type\":\"ReadAction\",\"target\":[\"https:\/\/www.limperatricehotel.fr\/en\/lhotel\/\"]}]},{\"@type\":\"BreadcrumbList\",\"@id\":\"https:\/\/www.limperatricehotel.fr\/en\/lhotel\/#breadcrumb\",\"itemListElement\":[{\"@type\":\"ListItem\",\"position\":1,\"name\":\"Accueil\",\"item\":\"https:\/\/www.limperatricehotel.fr\/en\/\"},{\"@type\":\"ListItem\",\"position\":2,\"name\":\"L&#8217;h\u00f4tel\"}]},{\"@type\":\"WebSite\",\"@id\":\"https:\/\/www.limperatricehotel.fr\/en\/#website\",\"url\":\"https:\/\/www.limperatricehotel.fr\/en\/\",\"name\":\"H\u00f4tel l&#039;Imp\u00e9ratrice\",\"description\":\"\",\"publisher\":{\"@id\":\"https:\/\/www.limperatricehotel.fr\/en\/#organization\"},\"potentialAction\":[{\"@type\":\"SearchAction\",\"target\":{\"@type\":\"EntryPoint\",\"urlTemplate\":\"https:\/\/www.limperatricehotel.fr\/en\/?s={search_term_string}\"},\"query-input\":{\"@type\":\"PropertyValueSpecification\",\"valueRequired\":true,\"valueName\":\"search_term_string\"}}],\"inLanguage\":\"en-US\"},{\"@type\":\"Organization\",\"@id\":\"https:\/\/www.limperatricehotel.fr\/en\/#organization\",\"name\":\"H\u00f4tel l'Imp\u00e9ratrice\",\"url\":\"https:\/\/www.limperatricehotel.fr\/en\/\",\"logo\":{\"@type\":\"ImageObject\",\"inLanguage\":\"en-US\",\"@id\":\"https:\/\/www.limperatricehotel.fr\/en\/#\/schema\/logo\/image\/\",\"url\":\"https:\/\/www.limperatricehotel.fr\/wp-content\/uploads\/2017\/04\/imperatrice-logo-couleur-2017-12.png\",\"contentUrl\":\"https:\/\/www.limperatricehotel.fr\/wp-content\/uploads\/2017\/04\/imperatrice-logo-couleur-2017-12.png\",\"width\":155,\"height\":60,\"caption\":\"H\u00f4tel l'Imp\u00e9ratrice\"},\"image\":{\"@id\":\"https:\/\/www.limperatricehotel.fr\/en\/#\/schema\/logo\/image\/\"},\"sameAs\":[\"https:\/\/www.facebook.com\/hotelimperatrice\/\"]}]}<\/script>\n<!-- \/ Yoast SEO plugin. -->","yoast_head_json":{"title":"L'h\u00f4tel &#8226; H\u00f4tel l&#039;Imp\u00e9ratrice","robots":{"index":"index","follow":"follow","max-snippet":"max-snippet:-1","max-image-preview":"max-image-preview:large","max-video-preview":"max-video-preview:-1"},"canonical":"https:\/\/www.limperatricehotel.fr\/en\/lhotel\/","og_locale":"en_US","og_type":"article","og_title":"L'h\u00f4tel &#8226; H\u00f4tel l&#039;Imp\u00e9ratrice","og_description":"[vc_row full_width=&#8221;stretch_row&#8221; el_class=&#8221;section-header&#8221; css=&#8221;.vc_custom_1513284426918{margin-top: -46px !important;margin-bottom: 50px !important;padding-top: 50px !important;padding-bottom: 50px !important;background-color: #fbfcfd !important;}&#8221;][vc_column offset=&#8221;vc_col-lg-offset-2 vc_col-lg-8 vc_col-md-offset-1 vc_col-md-10&#8243;][vc_column_text] Une l\u00e9gende foyalaise En s\u00e9journant \u00e0 l\u2019Imp\u00e9ratrice, vous r\u00e9sidez dans un lieu unique, charg\u00e9 d\u2019histoire, v\u00e9ritable composant de la vie culturelle Martiniquaise","og_url":"https:\/\/www.limperatricehotel.fr\/en\/lhotel\/","og_site_name":"H\u00f4tel l&#039;Imp\u00e9ratrice","article_publisher":"https:\/\/www.facebook.com\/hotelimperatrice\/","article_modified_time":"2024-10-30T15:23:54+00:00","twitter_card":"summary_large_image","twitter_misc":{"Est. reading time":"5 minutes"},"schema":{"@context":"https:\/\/schema.org","@graph":[{"@type":"WebPage","@id":"https:\/\/www.limperatricehotel.fr\/en\/lhotel\/","url":"https:\/\/www.limperatricehotel.fr\/en\/lhotel\/","name":"L'h\u00f4tel &#8226; H\u00f4tel l&#039;Imp\u00e9ratrice","isPartOf":{"@id":"https:\/\/www.limperatricehotel.fr\/en\/#website"},"datePublished":"2017-11-23T13:41:11+00:00","dateModified":"2024-10-30T15:23:54+00:00","breadcrumb":{"@id":"https:\/\/www.limperatricehotel.fr\/en\/lhotel\/#breadcrumb"},"inLanguage":"en-US","potentialAction":[{"@type":"ReadAction","target":["https:\/\/www.limperatricehotel.fr\/en\/lhotel\/"]}]},{"@type":"BreadcrumbList","@id":"https:\/\/www.limperatricehotel.fr\/en\/lhotel\/#breadcrumb","itemListElement":[{"@type":"ListItem","position":1,"name":"Accueil","item":"https:\/\/www.limperatricehotel.fr\/en\/"},{"@type":"ListItem","position":2,"name":"L&#8217;h\u00f4tel"}]},{"@type":"WebSite","@id":"https:\/\/www.limperatricehotel.fr\/en\/#website","url":"https:\/\/www.limperatricehotel.fr\/en\/","name":"H\u00f4tel l&#039;Imp\u00e9ratrice","description":"","publisher":{"@id":"https:\/\/www.limperatricehotel.fr\/en\/#organization"},"potentialAction":[{"@type":"SearchAction","target":{"@type":"EntryPoint","urlTemplate":"https:\/\/www.limperatricehotel.fr\/en\/?s={search_term_string}"},"query-input":{"@type":"PropertyValueSpecification","valueRequired":true,"valueName":"search_term_string"}}],"inLanguage":"en-US"},{"@type":"Organization","@id":"https:\/\/www.limperatricehotel.fr\/en\/#organization","name":"H\u00f4tel l'Imp\u00e9ratrice","url":"https:\/\/www.limperatricehotel.fr\/en\/","logo":{"@type":"ImageObject","inLanguage":"en-US","@id":"https:\/\/www.limperatricehotel.fr\/en\/#\/schema\/logo\/image\/","url":"https:\/\/www.limperatricehotel.fr\/wp-content\/uploads\/2017\/04\/imperatrice-logo-couleur-2017-12.png","contentUrl":"https:\/\/www.limperatricehotel.fr\/wp-content\/uploads\/2017\/04\/imperatrice-logo-couleur-2017-12.png","width":155,"height":60,"caption":"H\u00f4tel l'Imp\u00e9ratrice"},"image":{"@id":"https:\/\/www.limperatricehotel.fr\/en\/#\/schema\/logo\/image\/"},"sameAs":["https:\/\/www.facebook.com\/hotelimperatrice\/"]}]}},"_links":{"self":[{"href":"https:\/\/www.limperatricehotel.fr\/en\/wp-json\/wp\/v2\/pages\/2276"}],"collection":[{"href":"https:\/\/www.limperatricehotel.fr\/en\/wp-json\/wp\/v2\/pages"}],"about":[{"href":"https:\/\/www.limperatricehotel.fr\/en\/wp-json\/wp\/v2\/types\/page"}],"author":[{"embeddable":true,"href":"https:\/\/www.limperatricehotel.fr\/en\/wp-json\/wp\/v2\/users\/1"}],"replies":[{"embeddable":true,"href":"https:\/\/www.limperatricehotel.fr\/en\/wp-json\/wp\/v2\/comments?post=2276"}],"version-history":[{"count":0,"href":"https:\/\/www.limperatricehotel.fr\/en\/wp-json\/wp\/v2\/pages\/2276\/revisions"}],"wp:attachment":[{"href":"https:\/\/www.limperatricehotel.fr\/en\/wp-json\/wp\/v2\/media?parent=2276"}],"curies":[{"name":"wp","href":"https:\/\/api.w.org\/{rel}","templated":true}]}}